{"id":2404,"date":"2022-03-23T17:34:25","date_gmt":"2022-03-23T16:34:25","guid":{"rendered":"https:\/\/fondationclaudepompidou.org\/site\/?page_id=2404"},"modified":"2022-12-29T11:50:15","modified_gmt":"2022-12-29T10:50:15","slug":"faire-un-legs","status":"publish","type":"page","link":"https:\/\/fondationclaudepompidou.org\/site\/faire-un-legs\/","title":{"rendered":"Faire un legs"},"content":{"rendered":"<p>[et_pb_section fb_built=\u00a0\u00bb1&Prime; fullwidth=\u00a0\u00bbon\u00a0\u00bb admin_label=\u00a0\u00bbheader\u00a0\u00bb _builder_version=\u00a0\u00bb4.14.8&Prime; _module_preset=\u00a0\u00bbdefault\u00a0\u00bb animation_style=\u00a0\u00bbfade\u00a0\u00bb collapsed=\u00a0\u00bbon\u00a0\u00bb global_colors_info=\u00a0\u00bb{}\u00a0\u00bb][et_pb_fullwidth_image src=\u00a0\u00bbhttps:\/\/fondationclaudepompidou.org\/site\/wp-content\/uploads\/2022\/03\/header-faireunlegs.jpg\u00a0\u00bb _builder_version=\u00a0\u00bb4.14.8&Prime; _module_preset=\u00a0\u00bbdefault\u00a0\u00bb global_colors_info=\u00a0\u00bb{}\u00a0\u00bb][\/et_pb_fullwidth_image][\/et_pb_section][et_pb_section fb_built=\u00a0\u00bb1&Prime; admin_label=\u00a0\u00bbbloc 1&Prime; _builder_version=\u00a0\u00bb4.14.8&Prime; _module_preset=\u00a0\u00bbdefault\u00a0\u00bb background_color=\u00a0\u00bb#FFFFFF\u00a0\u00bb custom_margin=\u00a0\u00bb||||false|false\u00a0\u00bb custom_padding=\u00a0\u00bb||20px||false|false\u00a0\u00bb animation_style=\u00a0\u00bbfade\u00a0\u00bb animation_direction=\u00a0\u00bbbottom\u00a0\u00bb collapsed=\u00a0\u00bbon\u00a0\u00bb global_colors_info=\u00a0\u00bb{}\u00a0\u00bb][et_pb_row admin_label=\u00a0\u00bbtitre\u00a0\u00bb _builder_version=\u00a0\u00bb4.14.8&Prime; _module_preset=\u00a0\u00bbdefault\u00a0\u00bb max_width=\u00a0\u00bb900px\u00a0\u00bb collapsed=\u00a0\u00bboff\u00a0\u00bb global_colors_info=\u00a0\u00bb{}\u00a0\u00bb][et_pb_column type=\u00a0\u00bb4_4&Prime; _builder_version=\u00a0\u00bb4.14.8&Prime; _module_preset=\u00a0\u00bbdefault\u00a0\u00bb global_colors_info=\u00a0\u00bb{}\u00a0\u00bb][et_pb_text admin_label=\u00a0\u00bbtitre\u00a0\u00bb _builder_version=\u00a0\u00bb4.14.8&Prime; _module_preset=\u00a0\u00bbdefault\u00a0\u00bb header_2_font=\u00a0\u00bbQuicksand|700|||||||\u00a0\u00bb header_2_text_align=\u00a0\u00bbcenter\u00a0\u00bb header_2_text_color=\u00a0\u00bb#4d4d4d\u00a0\u00bb header_2_font_size=\u00a0\u00bb30px\u00a0\u00bb text_orientation=\u00a0\u00bbcenter\u00a0\u00bb global_colors_info=\u00a0\u00bb{}\u00a0\u00bb]<\/p>\n<h2 style=\"text-align: center;\"><span style=\"color: #005da9;\"><strong>Faire un legs<\/strong><\/span><\/h2>\n<p><img loading=\"lazy\" decoding=\"async\" class=\"wp-image-1853 aligncenter\" src=\"https:\/\/fondationclaudepompidou.org\/site\/wp-content\/uploads\/2022\/03\/pict-signature-300x14.png\" alt=\"\" width=\"250\" height=\"11\" srcset=\"https:\/\/fondationclaudepompidou.org\/site\/wp-content\/uploads\/2022\/03\/pict-signature-300x14.png 300w, https:\/\/fondationclaudepompidou.org\/site\/wp-content\/uploads\/2022\/03\/pict-signature.png 306w\" sizes=\"auto, (max-width: 250px) 100vw, 250px\" \/><\/p>\n<p>[\/et_pb_text][\/et_pb_column][\/et_pb_row][et_pb_row admin_label=\u00a0\u00bbparagraphe\u00a0\u00bb _builder_version=\u00a0\u00bb4.14.8&Prime; _module_preset=\u00a0\u00bbdefault\u00a0\u00bb max_width=\u00a0\u00bb900px\u00a0\u00bb global_colors_info=\u00a0\u00bb{}\u00a0\u00bb][et_pb_column type=\u00a0\u00bb4_4&Prime; _builder_version=\u00a0\u00bb4.14.8&Prime; _module_preset=\u00a0\u00bbdefault\u00a0\u00bb global_colors_info=\u00a0\u00bb{}\u00a0\u00bb][et_pb_text content_tablet=\u00a0\u00bb<\/p>\n<p style=%22text-align: center;%22>58 rue Jean de Beaumanoir<br \/>56580 BREHAN<br \/>T\u00e9l : 02.97.38.80.06<\/p>\n<p>\u00a0\u00bb content_phone=\u00a0\u00bb<\/p>\n<p style=%22text-align: center;%22>58 rue Jean de Beaumanoir<br \/>56580 BREHAN<br \/>T\u00e9l : 02.97.38.80.06<\/p>\n<p>\u00a0\u00bb content_last_edited=\u00a0\u00bboff|desktop\u00a0\u00bb admin_label=\u00a0\u00bbTransmettre tout ou partie de son patrimoine\u00a0\u00bb _builder_version=\u00a0\u00bb4.14.8&Prime; _module_preset=\u00a0\u00bbdefault\u00a0\u00bb text_font=\u00a0\u00bbQuicksand||||||||\u00a0\u00bb text_font_size=\u00a0\u00bb15px\u00a0\u00bb custom_margin=\u00a0\u00bb||||false|false\u00a0\u00bb custom_padding=\u00a0\u00bb||||false|false\u00a0\u00bb global_colors_info=\u00a0\u00bb{}\u00a0\u00bb]<\/p>\n<p><strong><span style=\"color: #005da9;\">Transmettre tout ou partie de son patrimoine est un geste fort. C\u2019est la possibilit\u00e9 d\u2019agir g\u00e9n\u00e9reusement apr\u00e8s la vie. Pour la Fondation Claude Pompidou, c\u2019est une marque de confiance qui doit \u00eatre trait\u00e9e avec la plus grande attention.<\/span><\/strong><\/p>\n<p>L\u00e9guer \u00e0 la Fondation Claude Pompidou c\u2019est la certitude de continuer \u00e0 faire oeuvre utile, avoir l\u2019assurance que ses derni\u00e8res volont\u00e9s seront scrupuleusement respect\u00e9es et les fonds recueillis employ\u00e9s conform\u00e9ment au souhait exprim\u00e9.<\/p>\n<p>L\u00e9guer \u00e0 la Fondation Claude Pompidou c\u2019est laisser une empreinte dans la m\u00e9moire collective en participant \u00e0 une belle action. Un responsable de la Fondation se tient \u00e0 la disposition des testateurs pour les conseiller ou les rencontrer.<\/p>\n<p style=\"padding-left: 40px;\"><strong>Pour soutenir l\u2019ensemble des actions\u00a0:<\/strong><br \/>Dans ce cas, vous laissez le choix \u00e0 la Fondation d&rsquo;utiliser votre legs selon les priorit\u00e9s d\u00e9finies par le conseil d&rsquo;administration.<\/p>\n<p style=\"padding-left: 40px;\"><strong>Pour soutenir une action en particulier :<\/strong><br \/>La construction de nouveaux \u00e9tablissements : vous souhaitez que votre legs ou votre donation contribue \u00e0 b\u00e2tir de nouveaux \u00e9tablissements. Les projets actuels de la Fondation sont ax\u00e9s sur l&rsquo;autisme et la d\u00e9pendance.<\/p>\n<p>[\/et_pb_text][\/et_pb_column][\/et_pb_row][\/et_pb_section][et_pb_section fb_built=\u00a0\u00bb1&Prime; admin_label=\u00a0\u00bbbloc 2&Prime; _builder_version=\u00a0\u00bb4.14.8&Prime; _module_preset=\u00a0\u00bbdefault\u00a0\u00bb background_color=\u00a0\u00bb#f1f1f1&Prime; custom_margin=\u00a0\u00bb||||false|false\u00a0\u00bb custom_padding=\u00a0\u00bb20px||20px||true|false\u00a0\u00bb animation_style=\u00a0\u00bbfade\u00a0\u00bb animation_direction=\u00a0\u00bbbottom\u00a0\u00bb collapsed=\u00a0\u00bbon\u00a0\u00bb global_colors_info=\u00a0\u00bb{}\u00a0\u00bb][et_pb_row column_structure=\u00a0\u00bb1_2,1_2&Prime; admin_label=\u00a0\u00bbparagraphe\u00a0\u00bb _builder_version=\u00a0\u00bb4.14.8&Prime; _module_preset=\u00a0\u00bbdefault\u00a0\u00bb max_width=\u00a0\u00bb900px\u00a0\u00bb global_colors_info=\u00a0\u00bb{}\u00a0\u00bb][et_pb_column type=\u00a0\u00bb1_2&Prime; _builder_version=\u00a0\u00bb4.14.8&Prime; _module_preset=\u00a0\u00bbdefault\u00a0\u00bb global_colors_info=\u00a0\u00bb{}\u00a0\u00bb][et_pb_text content_tablet=\u00a0\u00bb<\/p>\n<p style=%22text-align: center;%22>58 rue Jean de Beaumanoir<br \/>56580 BREHAN<br \/>T\u00e9l : 02.97.38.80.06<\/p>\n<p>\u00a0\u00bb content_phone=\u00a0\u00bb<\/p>\n<p style=%22text-align: center;%22>58 rue Jean de Beaumanoir<br \/>56580 BREHAN<br \/>T\u00e9l : 02.97.38.80.06<\/p>\n<p>\u00a0\u00bb content_last_edited=\u00a0\u00bboff|desktop\u00a0\u00bb admin_label=\u00a0\u00bbPlusieurs formes de legs sont possibles :\u00a0\u00bb _builder_version=\u00a0\u00bb4.14.8&Prime; _module_preset=\u00a0\u00bbdefault\u00a0\u00bb text_font=\u00a0\u00bbQuicksand||||||||\u00a0\u00bb text_font_size=\u00a0\u00bb15px\u00a0\u00bb custom_margin=\u00a0\u00bb||||false|false\u00a0\u00bb custom_padding=\u00a0\u00bb||||false|false\u00a0\u00bb global_colors_info=\u00a0\u00bb{}\u00a0\u00bb]<\/p>\n<p><span style=\"color: #fccf00;\">\u25ba<\/span> <span style=\"color: #005da9;\"><strong>Les diff\u00e9rentes formes de legs :<\/strong><\/span><\/p>\n<p style=\"padding-left: 40px;\"><strong>Le legs universel<\/strong><br \/>Vous l\u00e9guez la totalit\u00e9 de votre patrimoine. Cette possibilit\u00e9 existe d\u00e8s lors que vous n&rsquo;avez pas d&rsquo;h\u00e9ritier r\u00e9servataire.<\/p>\n<p style=\"padding-left: 40px;\"><strong>Le legs \u00e0 titre universel<\/strong><br \/>Vous l\u00e9guez une partie de votre patrimoine ou une cat\u00e9gorie de vos biens.<\/p>\n<p style=\"padding-left: 40px;\"><strong>Le legs \u00e0 titre particulier<\/strong><br \/>Vous l\u00e9guez un bien d\u00e9termin\u00e9 ou une somme d&rsquo;argent.<\/p>\n<p>[\/et_pb_text][\/et_pb_column][et_pb_column type=\u00a0\u00bb1_2&Prime; _builder_version=\u00a0\u00bb4.14.8&Prime; _module_preset=\u00a0\u00bbdefault\u00a0\u00bb global_colors_info=\u00a0\u00bb{}\u00a0\u00bb][et_pb_text content_tablet=\u00a0\u00bb<\/p>\n<p style=%22text-align: center;%22>58 rue Jean de Beaumanoir<br \/>56580 BREHAN<br \/>T\u00e9l : 02.97.38.80.06<\/p>\n<p>\u00a0\u00bb content_phone=\u00a0\u00bb<\/p>\n<p style=%22text-align: center;%22>58 rue Jean de Beaumanoir<br \/>56580 BREHAN<br \/>T\u00e9l : 02.97.38.80.06<\/p>\n<p>\u00a0\u00bb content_last_edited=\u00a0\u00bboff|desktop\u00a0\u00bb admin_label=\u00a0\u00bbTransmettre votre assurance-vie\u00a0\u00bb _builder_version=\u00a0\u00bb4.14.8&Prime; _module_preset=\u00a0\u00bbdefault\u00a0\u00bb text_font=\u00a0\u00bbQuicksand||||||||\u00a0\u00bb text_font_size=\u00a0\u00bb15px\u00a0\u00bb custom_margin=\u00a0\u00bb||||false|false\u00a0\u00bb custom_padding=\u00a0\u00bb||||false|false\u00a0\u00bb global_colors_info=\u00a0\u00bb{}\u00a0\u00bb]<\/p>\n<p><span style=\"color: #fccf00;\">\u25ba<\/span> <span style=\"color: #005da9;\"><strong>Transmettre votre assurance-vie :<\/strong><\/span><\/p>\n<p>Vous souhaitez transmettre une somme d&rsquo;argent \u00e0 la Fondation sans pour autant faire un testament. Vous pouvez d\u00e9signer la Fondation Claude Pompidou comme b\u00e9n\u00e9ficiaire de votre contrat d&rsquo;assurance-vie en pr\u00e9cisant bien son nom et ses coordonn\u00e9es.<\/p>\n<p>[\/et_pb_text][et_pb_text content_tablet=\u00a0\u00bb<\/p>\n<p style=%22text-align: center;%22>58 rue Jean de Beaumanoir<br \/>56580 BREHAN<br \/>T\u00e9l : 02.97.38.80.06<\/p>\n<p>\u00a0\u00bb content_phone=\u00a0\u00bb<\/p>\n<p style=%22text-align: center;%22>58 rue Jean de Beaumanoir<br \/>56580 BREHAN<br \/>T\u00e9l : 02.97.38.80.06<\/p>\n<p>\u00a0\u00bb content_last_edited=\u00a0\u00bboff|desktop\u00a0\u00bb admin_label=\u00a0\u00bbFaire respecter vos derni\u00e8res volont\u00e9s :\u00a0\u00bb _builder_version=\u00a0\u00bb4.14.8&Prime; _module_preset=\u00a0\u00bbdefault\u00a0\u00bb text_font=\u00a0\u00bbQuicksand||||||||\u00a0\u00bb text_font_size=\u00a0\u00bb15px\u00a0\u00bb custom_margin=\u00a0\u00bb||||false|false\u00a0\u00bb custom_padding=\u00a0\u00bb||||false|false\u00a0\u00bb global_colors_info=\u00a0\u00bb{}\u00a0\u00bb]<\/p>\n<p><span style=\"color: #fccf00;\">\u25ba<\/span> <span style=\"color: #005da9;\"><strong>Faire respecter vos derni\u00e8res volont\u00e9s :<\/strong><\/span><\/p>\n<p>Le testament garantit le respect de vos derni\u00e8res volont\u00e9s. Si vous l&rsquo;\u00e9crivez vous-m\u00eame, on parle de testament olographe. Pour que celui-ci soit valable, il doit \u00eatre enti\u00e8rement \u00e9crit, dat\u00e9 et sign\u00e9 de la main du testateur.<br \/>Si vous le dictez \u00e0 un notaire, on l&rsquo;appelle testament authentique. Dans les deux cas, votre notaire s&rsquo;occupera de le faire enregistrer au fichier central des derni\u00e8res volont\u00e9s.<\/p>\n<p>[\/et_pb_text][\/et_pb_column][\/et_pb_row][\/et_pb_section][et_pb_section fb_built=\u00a0\u00bb1&Prime; admin_label=\u00a0\u00bbbloc 3&Prime; _builder_version=\u00a0\u00bb4.14.8&Prime; _module_preset=\u00a0\u00bbdefault\u00a0\u00bb background_color=\u00a0\u00bb#FFFFFF\u00a0\u00bb custom_margin=\u00a0\u00bb||||false|false\u00a0\u00bb custom_padding=\u00a0\u00bb20px||20px||true|false\u00a0\u00bb animation_style=\u00a0\u00bbfade\u00a0\u00bb animation_direction=\u00a0\u00bbbottom\u00a0\u00bb collapsed=\u00a0\u00bbon\u00a0\u00bb global_colors_info=\u00a0\u00bb{}\u00a0\u00bb][et_pb_row admin_label=\u00a0\u00bbparagraphe\u00a0\u00bb _builder_version=\u00a0\u00bb4.14.8&Prime; _module_preset=\u00a0\u00bbdefault\u00a0\u00bb max_width=\u00a0\u00bb900px\u00a0\u00bb global_colors_info=\u00a0\u00bb{}\u00a0\u00bb][et_pb_column type=\u00a0\u00bb4_4&Prime; _builder_version=\u00a0\u00bb4.14.8&Prime; _module_preset=\u00a0\u00bbdefault\u00a0\u00bb global_colors_info=\u00a0\u00bb{}\u00a0\u00bb][et_pb_text content_tablet=\u00a0\u00bb<\/p>\n<p style=%22text-align: center;%22>58 rue Jean de Beaumanoir<br \/>56580 BREHAN<br \/>T\u00e9l : 02.97.38.80.06<\/p>\n<p>\u00a0\u00bb content_phone=\u00a0\u00bb<\/p>\n<p style=%22text-align: center;%22>58 rue Jean de Beaumanoir<br \/>56580 BREHAN<br \/>T\u00e9l : 02.97.38.80.06<\/p>\n<p>\u00a0\u00bb content_last_edited=\u00a0\u00bboff|desktop\u00a0\u00bb admin_label=\u00a0\u00bbQuestions au notaire de la Fondation\u00a0\u00bb _builder_version=\u00a0\u00bb4.14.8&Prime; _module_preset=\u00a0\u00bbdefault\u00a0\u00bb text_font=\u00a0\u00bbQuicksand|||on|||||\u00a0\u00bb text_font_size=\u00a0\u00bb15px\u00a0\u00bb custom_margin=\u00a0\u00bb||||false|false\u00a0\u00bb custom_padding=\u00a0\u00bb||||false|false\u00a0\u00bb global_colors_info=\u00a0\u00bb{}\u00a0\u00bb]<\/p>\n<p><span style=\"color: #fccf00;\">\u25ba<\/span> <span style=\"color: #005da9;\"><strong>Questions au notaire de la Fondation :<\/strong><\/span><\/p>\n<p>[\/et_pb_text][et_pb_accordion _builder_version=\u00a0\u00bb4.14.8&Prime; _module_preset=\u00a0\u00bbdefault\u00a0\u00bb toggle_font=\u00a0\u00bb|700|||||||\u00a0\u00bb toggle_font_size=\u00a0\u00bb15px\u00a0\u00bb toggle_line_height=\u00a0\u00bb1.4em\u00a0\u00bb closed_toggle_font=\u00a0\u00bb|700|||||||\u00a0\u00bb closed_toggle_font_size=\u00a0\u00bb15px\u00a0\u00bb closed_toggle_line_height=\u00a0\u00bb1.4em\u00a0\u00bb global_colors_info=\u00a0\u00bb{}\u00a0\u00bb][et_pb_accordion_item title=\u00a0\u00bbQuelle est la diff\u00e9rence entre un legs et une donation ?\u00a0\u00bb open=\u00a0\u00bbon\u00a0\u00bb _builder_version=\u00a0\u00bb4.14.8&Prime; _module_preset=\u00a0\u00bbdefault\u00a0\u00bb global_colors_info=\u00a0\u00bb{}\u00a0\u00bb]<\/p>\n<p>La donation a un effet imm\u00e9diat et le bien est transmis du vivant du donateur, c&rsquo;est un contrat irr\u00e9vocable. En revanche le legs n\u00e9cessite un testament qui ne prend effet qu&rsquo;apr\u00e8s le d\u00e9c\u00e8s de celui qui l&rsquo;a r\u00e9dig\u00e9. Par d\u00e9finition, il peut \u00eatre modifiable ou annulable.<\/p>\n<p>[\/et_pb_accordion_item][et_pb_accordion_item title=\u00a0\u00bbPourquoi \u00e9crire un testament ?\u00a0\u00bb _builder_version=\u00a0\u00bb4.14.8&Prime; _module_preset=\u00a0\u00bbdefault\u00a0\u00bb global_colors_info=\u00a0\u00bb{}\u00a0\u00bb]<\/p>\n<p>Parce que la r\u00e9daction d&rsquo;un testament est le seul moyen de garantir vos derni\u00e8res volont\u00e9s. Cette d\u00e9marche est simple et votre notaire peut vous conseiller pour qu&rsquo;elle soit faite dans les r\u00e8gles <\/p>\n<p>[\/et_pb_accordion_item][et_pb_accordion_item title=\u00a0\u00bbEst-il possible de l\u00e9guer la totalit\u00e9 de son patrimoine \u00e0 la Fondation ?\u00a0\u00bb _builder_version=\u00a0\u00bb4.14.8&Prime; _module_preset=\u00a0\u00bbdefault\u00a0\u00bb global_colors_info=\u00a0\u00bb{}\u00a0\u00bb]Sans h\u00e9ritier direct (enfants, conjoint\u2026) la r\u00e9ponse est oui. En pr\u00e9sence d&rsquo;h\u00e9ritiers r\u00e9servataires, il faut savoir que la loi leur r\u00e9serve une partie de votre patrimoine. Vous avez toujours la libert\u00e9 de l\u00e9guer l&rsquo;autre partie \u00e0 la Fondation. Cette part varie selon votre situation familiale. Pour en conna\u00eetre la proportion, le plus simple est de demander \u00e0 votre notaire qui conna\u00eet parfaitement ces questions.[\/et_pb_accordion_item][et_pb_accordion_item title=\u00a0\u00bbDois-je pr\u00e9venir la Fondation si je d\u00e9cide de faire un legs en sa faveur ? \u00a0\u00bb _builder_version=\u00a0\u00bb4.14.8&Prime; _module_preset=\u00a0\u00bbdefault\u00a0\u00bb global_colors_info=\u00a0\u00bb{}\u00a0\u00bb]<\/p>\n<p>Il n\u2019y a aucune obligation. Mais en informant la Fondation, celle-ci pourra r\u00e9pondre \u00e0 toutes vos questions sur ses projets.<\/p>\n<p>[\/et_pb_accordion_item][et_pb_accordion_item title=\u00a0\u00bbQuel est l&rsquo;int\u00e9r\u00eat de l\u00e9guer \u00e0 une fondation reconnue d&rsquo;utilit\u00e9 publique ?\u00a0\u00bb _builder_version=\u00a0\u00bb4.14.8&Prime; _module_preset=\u00a0\u00bbdefault\u00a0\u00bb global_colors_info=\u00a0\u00bb{}\u00a0\u00bb]<\/p>\n<p>La reconnaissance d&rsquo;utilit\u00e9 publique permet une exon\u00e9ration totale des droits de succession. L&rsquo;int\u00e9gralit\u00e9 du bien c\u00e9d\u00e9 servira ainsi la cause choisie.<\/p>\n<p>[\/et_pb_accordion_item][et_pb_accordion_item title=\u00a0\u00bbUn couple sans enfant peut-il l\u00e9guer son patrimoine \u00e0 la Fondation et s&rsquo;assurer que le conjoint survivant pourra continuer \u00e0 en jouir jusqu&rsquo;au bout ?\u00a0\u00bb _builder_version=\u00a0\u00bb4.14.8&Prime; _module_preset=\u00a0\u00bbdefault\u00a0\u00bb global_colors_info=\u00a0\u00bb{}\u00a0\u00bb]<\/p>\n<p>Oui, il suffit de le pr\u00e9voir dans le testament ou dans une donation entre \u00e9poux. Ainsi, le patrimoine ne reviendra \u00e0 la Fondation qu&rsquo;au d\u00e9c\u00e8s du dernier survivant.<\/p>\n<p>[\/et_pb_accordion_item][et_pb_accordion_item title=\u00a0\u00bbPeut-on revenir sur son testament ?\u00a0\u00bb _builder_version=\u00a0\u00bb4.14.8&Prime; _module_preset=\u00a0\u00bbdefault\u00a0\u00bb global_colors_info=\u00a0\u00bb{}\u00a0\u00bb]<\/p>\n<p>Vous pouvez changer votre testament autant de fois que vous le d\u00e9sirez. Ce sera toujours le dernier en date qui fera foi.<\/p>\n<p>[\/et_pb_accordion_item][et_pb_accordion_item title=\u00a0\u00bbS&rsquo;agissant de mes obs\u00e8ques, la Fondation peut-elle intervenir ?\u00a0\u00bb _builder_version=\u00a0\u00bb4.14.8&Prime; _module_preset=\u00a0\u00bbdefault\u00a0\u00bb global_colors_info=\u00a0\u00bb{}\u00a0\u00bb]<\/p>\n<p>Si vous l&rsquo;avez inform\u00e9e pr\u00e9alablement, elle s&rsquo;assurera que vos derni\u00e8res volont\u00e9s dans ce domaine sont bien respect\u00e9es.<\/p>\n<p>[\/et_pb_accordion_item][et_pb_accordion_item title=\u00a0\u00bbConsulter un notaire ou r\u00e9diger un testament a-t-il un co\u00fbt ? \u00a0\u00bb _builder_version=\u00a0\u00bb4.14.8&Prime; _module_preset=\u00a0\u00bbdefault\u00a0\u00bb global_colors_info=\u00a0\u00bb{}\u00a0\u00bb]<\/p>\n<p>Le conseil d&rsquo;un notaire qui s&rsquo;assurera de la validit\u00e9 de votre testament est indispensable. En contactant l\u2019\u00e9tude, vous serez inform\u00e9 du co\u00fbt toujours raisonnable de cette prestation incluant les frais d&rsquo;inscription au fichier national.<\/p>\n<p>[\/et_pb_accordion_item][\/et_pb_accordion][et_pb_text content_tablet=\u00a0\u00bb<\/p>\n<p style=%22text-align: center;%22>58 rue Jean de Beaumanoir<br \/>56580 BREHAN<br \/>T\u00e9l : 02.97.38.80.06<\/p>\n<p>\u00a0\u00bb content_phone=\u00a0\u00bb<\/p>\n<p style=%22text-align: center;%22>58 rue Jean de Beaumanoir<br \/>56580 BREHAN<br \/>T\u00e9l : 02.97.38.80.06<\/p>\n<p>\u00a0\u00bb content_last_edited=\u00a0\u00bboff|desktop\u00a0\u00bb admin_label=\u00a0\u00bbFaire respecter vos derni\u00e8res volont\u00e9s :\u00a0\u00bb _builder_version=\u00a0\u00bb4.14.8&Prime; _module_preset=\u00a0\u00bbdefault\u00a0\u00bb text_font=\u00a0\u00bbQuicksand||||||||\u00a0\u00bb text_font_size=\u00a0\u00bb15px\u00a0\u00bb custom_margin=\u00a0\u00bb30px||||false|false\u00a0\u00bb custom_padding=\u00a0\u00bb||||false|false\u00a0\u00bb global_colors_info=\u00a0\u00bb{}\u00a0\u00bb]<\/p>\n<p><em>Sachez que tous les biens ayant une valeur mat\u00e9rielle, peuvent faire l&rsquo;objet d&rsquo;un legs ou d&rsquo;une donation : maison, terrains, meubles, \u0153uvres d&rsquo;art, SICAV, esp\u00e8ces, assurance-vie, bijoux &#8230;<\/em><\/p>\n<p>[\/et_pb_text][\/et_pb_column][\/et_pb_row][\/et_pb_section][et_pb_section fb_built=\u00a0\u00bb1&Prime; admin_label=\u00a0\u00bbbloc 4&Prime; _builder_version=\u00a0\u00bb4.14.8&Prime; _module_preset=\u00a0\u00bbdefault\u00a0\u00bb background_color=\u00a0\u00bb#f1f1f1&Prime; custom_margin=\u00a0\u00bb||||false|false\u00a0\u00bb custom_padding=\u00a0\u00bb20px||20px||true|false\u00a0\u00bb animation_style=\u00a0\u00bbfade\u00a0\u00bb animation_direction=\u00a0\u00bbbottom\u00a0\u00bb collapsed=\u00a0\u00bboff\u00a0\u00bb global_colors_info=\u00a0\u00bb{}\u00a0\u00bb][et_pb_row admin_label=\u00a0\u00bbparagraphe\u00a0\u00bb _builder_version=\u00a0\u00bb4.14.8&Prime; _module_preset=\u00a0\u00bbdefault\u00a0\u00bb max_width=\u00a0\u00bb900px\u00a0\u00bb global_colors_info=\u00a0\u00bb{}\u00a0\u00bb][et_pb_column type=\u00a0\u00bb4_4&Prime; _builder_version=\u00a0\u00bb4.14.8&Prime; _module_preset=\u00a0\u00bbdefault\u00a0\u00bb global_colors_info=\u00a0\u00bb{}\u00a0\u00bb][et_pb_text content_tablet=\u00a0\u00bb<\/p>\n<p style=%22text-align: center;%22>58 rue Jean de Beaumanoir<br \/>56580 BREHAN<br \/>T\u00e9l : 02.97.38.80.06<\/p>\n<p>\u00a0\u00bb content_phone=\u00a0\u00bb<\/p>\n<p style=%22text-align: center;%22>58 rue Jean de Beaumanoir<br \/>56580 BREHAN<br \/>T\u00e9l : 02.97.38.80.06<\/p>\n<p>\u00a0\u00bb content_last_edited=\u00a0\u00bboff|desktop\u00a0\u00bb admin_label=\u00a0\u00bbGlossaire\u00a0\u00bb _builder_version=\u00a0\u00bb4.14.8&Prime; _module_preset=\u00a0\u00bbdefault\u00a0\u00bb text_font=\u00a0\u00bbQuicksand|||on|||||\u00a0\u00bb text_font_size=\u00a0\u00bb15px\u00a0\u00bb custom_margin=\u00a0\u00bb||||false|false\u00a0\u00bb custom_padding=\u00a0\u00bb||||false|false\u00a0\u00bb global_colors_info=\u00a0\u00bb{}\u00a0\u00bb]<span style=\"color: #fccf00;\">\u25ba<\/span> <span style=\"color: #005da9;\"><strong>Glossaire :<\/strong><\/span>[\/et_pb_text][\/et_pb_column][\/et_pb_row][et_pb_row column_structure=\u00a0\u00bb1_2,1_2&Prime; admin_label=\u00a0\u00bbparagraphe\u00a0\u00bb _builder_version=\u00a0\u00bb4.14.8&Prime; _module_preset=\u00a0\u00bbdefault\u00a0\u00bb max_width=\u00a0\u00bb900px\u00a0\u00bb custom_margin=\u00a0\u00bb||||false|false\u00a0\u00bb custom_padding=\u00a0\u00bb0px||||false|false\u00a0\u00bb global_colors_info=\u00a0\u00bb{}\u00a0\u00bb][et_pb_column type=\u00a0\u00bb1_2&Prime; _builder_version=\u00a0\u00bb4.14.8&Prime; _module_preset=\u00a0\u00bbdefault\u00a0\u00bb global_colors_info=\u00a0\u00bb{}\u00a0\u00bb][et_pb_text content_tablet=\u00a0\u00bb<\/p>\n<p style=%22text-align: center;%22>58 rue Jean de Beaumanoir<br \/>56580 BREHAN<br \/>T\u00e9l : 02.97.38.80.06<\/p>\n<p>\u00a0\u00bb content_phone=\u00a0\u00bb<\/p>\n<p style=%22text-align: center;%22>58 rue Jean de Beaumanoir<br \/>56580 BREHAN<br \/>T\u00e9l : 02.97.38.80.06<\/p>\n<p>\u00a0\u00bb content_last_edited=\u00a0\u00bboff|desktop\u00a0\u00bb admin_label=\u00a0\u00bbliste\u00a0\u00bb _builder_version=\u00a0\u00bb4.14.8&Prime; _module_preset=\u00a0\u00bbdefault\u00a0\u00bb text_font=\u00a0\u00bbQuicksand||||||||\u00a0\u00bb text_font_size=\u00a0\u00bb15px\u00a0\u00bb custom_margin=\u00a0\u00bb||0px||false|false\u00a0\u00bb custom_padding=\u00a0\u00bb||0px||false|false\u00a0\u00bb global_colors_info=\u00a0\u00bb{}\u00a0\u00bb]<\/p>\n<p><strong>Acte authentique :<\/strong> Acte r\u00e9alis\u00e9 devant notaire.<\/p>\n<p><strong>Don manuel :<\/strong> Don d&rsquo;un objet ou d&rsquo;un bien sans acte authentique (r\u00e9serv\u00e9 aux objets et aux biens de faible valeur).<\/p>\n<p><strong>Donation :<\/strong> Acte r\u00e9alis\u00e9 devant notaire, par lequel une personne transf\u00e8re \u00e0 une autre son droit de propri\u00e9t\u00e9 (ou une partie seulement de celui-ci) sur un bien ou un ensemble de biens.<\/p>\n<p><strong>Donataire :<\/strong> Personne qui re\u00e7oit une donation.<\/p>\n<p><strong>Donateur :<\/strong> Personne qui consent une donation.<\/p>\n<p><strong>Ex\u00e9cuteur testamentaire :<\/strong> Personne charg\u00e9e par testament de veiller \u00e0 l&rsquo;ex\u00e9cution des volont\u00e9s du testateur.<\/p>\n<p><strong>H\u00e9ritier r\u00e9servataire :<\/strong> H\u00e9ritier \u00e0 qui le code civil r\u00e9serve une part d&rsquo;h\u00e9ritage. Il s&rsquo;agit principalement des descendants (enfants, petits-enfants\u2026).<\/p>\n<p><strong>L\u00e9gataire :<\/strong> B\u00e9n\u00e9ficiaire d&rsquo;un legs.<\/p>\n<p>[\/et_pb_text][\/et_pb_column][et_pb_column type=\u00a0\u00bb1_2&Prime; _builder_version=\u00a0\u00bb4.14.8&Prime; _module_preset=\u00a0\u00bbdefault\u00a0\u00bb global_colors_info=\u00a0\u00bb{}\u00a0\u00bb][et_pb_text content_tablet=\u00a0\u00bb<\/p>\n<p style=%22text-align: center;%22>58 rue Jean de Beaumanoir<br \/>56580 BREHAN<br \/>T\u00e9l : 02.97.38.80.06<\/p>\n<p>\u00a0\u00bb content_phone=\u00a0\u00bb<\/p>\n<p style=%22text-align: center;%22>58 rue Jean de Beaumanoir<br \/>56580 BREHAN<br \/>T\u00e9l : 02.97.38.80.06<\/p>\n<p>\u00a0\u00bb content_last_edited=\u00a0\u00bboff|desktop\u00a0\u00bb admin_label=\u00a0\u00bbliste\u00a0\u00bb _builder_version=\u00a0\u00bb4.14.8&Prime; _module_preset=\u00a0\u00bbdefault\u00a0\u00bb text_font=\u00a0\u00bbQuicksand||||||||\u00a0\u00bb text_font_size=\u00a0\u00bb15px\u00a0\u00bb custom_margin=\u00a0\u00bb||||false|false\u00a0\u00bb custom_padding=\u00a0\u00bb||||false|false\u00a0\u00bb global_colors_info=\u00a0\u00bb{}\u00a0\u00bb]<\/p>\n<p><strong>Legs \u00e0 titre particulier :<\/strong> Lib\u00e9ralit\u00e9 faite par testament pour l\u00e9guer un bien d\u00e9termin\u00e9.<\/p>\n<p><strong>Legs universel :<\/strong> Lib\u00e9ralit\u00e9 faite par testament pour l\u00e9guer la totalit\u00e9 de son patrimoine (s&rsquo;il n&rsquo;y a pas d&rsquo;h\u00e9ritier r\u00e9servataire).<\/p>\n<p><strong>Legs \u00e0 titre universel :<\/strong> Lib\u00e9ralit\u00e9 faite par testament pour l\u00e9guer une fraction de son patrimoine ou une cat\u00e9gorie de biens.<\/p>\n<p><strong>L\u00e9guer :<\/strong> Donner des biens par testament.<\/p>\n<p><strong>Lib\u00e9ralit\u00e9 :<\/strong> Acte procurant un avantage sans contrepartie. Terme g\u00e9n\u00e9rique regroupant les legs, les donations et les dons.<\/p>\n<p><strong>Quotit\u00e9 disponible :<\/strong> Part que le testateur peut laisser librement \u00e0 des tiers. La quotit\u00e9 disponible varie selon le nombre d&rsquo;enfants.<\/p>\n<p><strong>Testateur ou testataire :<\/strong> Personne qui \u00e9tablit son testament.<\/p>\n<p><strong>Usufruit :<\/strong> Droit de jouissance \u00b7sur une chose appartenant \u00e0 autrui et qui s&rsquo;\u00e9teint \u00e0 la mort de l&rsquo;usufruitier (personne b\u00e9n\u00e9ficiaire de l&rsquo;usufruit), ou \u00e0 l&rsquo;issue d&rsquo;une p\u00e9riode pr\u00e9alablement d\u00e9termin\u00e9e.<\/p>\n<p>[\/et_pb_text][\/et_pb_column][\/et_pb_row][\/et_pb_section][et_pb_section fb_built=\u00a0\u00bb1&Prime; admin_label=\u00a0\u00bbPDF \u00e0 t\u00e9l\u00e9charger\u00a0\u00bb _builder_version=\u00a0\u00bb4.14.8&Prime; _module_preset=\u00a0\u00bbdefault\u00a0\u00bb background_color=\u00a0\u00bb#FFFFFF\u00a0\u00bb custom_margin=\u00a0\u00bb||||false|false\u00a0\u00bb custom_padding=\u00a0\u00bb||||false|false\u00a0\u00bb animation_style=\u00a0\u00bbfade\u00a0\u00bb animation_direction=\u00a0\u00bbbottom\u00a0\u00bb collapsed=\u00a0\u00bboff\u00a0\u00bb global_colors_info=\u00a0\u00bb{}\u00a0\u00bb][et_pb_row admin_label=\u00a0\u00bbparagraphe\u00a0\u00bb _builder_version=\u00a0\u00bb4.14.8&Prime; _module_preset=\u00a0\u00bbdefault\u00a0\u00bb max_width=\u00a0\u00bb700px\u00a0\u00bb custom_padding=\u00a0\u00bb||0px||false|false\u00a0\u00bb collapsed=\u00a0\u00bbon\u00a0\u00bb global_colors_info=\u00a0\u00bb{}\u00a0\u00bb][et_pb_column type=\u00a0\u00bb4_4&Prime; _builder_version=\u00a0\u00bb4.14.8&Prime; _module_preset=\u00a0\u00bbdefault\u00a0\u00bb global_colors_info=\u00a0\u00bb{}\u00a0\u00bb][et_pb_text content_tablet=\u00a0\u00bb<\/p>\n<p style=%22text-align: center;%22>58 rue Jean de Beaumanoir<br \/>56580 BREHAN<br \/>T\u00e9l : 02.97.38.80.06<\/p>\n<p>\u00a0\u00bb content_phone=\u00a0\u00bb<\/p>\n<p style=%22text-align: center;%22>58 rue Jean de Beaumanoir<br \/>56580 BREHAN<br \/>T\u00e9l : 02.97.38.80.06<\/p>\n<p>\u00a0\u00bb content_last_edited=\u00a0\u00bboff|desktop\u00a0\u00bb admin_label=\u00a0\u00bbtexte\u00a0\u00bb _builder_version=\u00a0\u00bb4.14.8&Prime; _module_preset=\u00a0\u00bbdefault\u00a0\u00bb text_font=\u00a0\u00bbQuicksand||||||||\u00a0\u00bb text_font_size=\u00a0\u00bb15px\u00a0\u00bb custom_margin=\u00a0\u00bb||||false|false\u00a0\u00bb custom_padding=\u00a0\u00bb||||false|false\u00a0\u00bb global_colors_info=\u00a0\u00bb{}\u00a0\u00bb]<\/p>\n<p style=\"text-align: center;\"><strong><span style=\"color: #005da9;\">T\u00e9l\u00e9charger des mod\u00e8les de testament :<\/span><\/strong><\/p>\n<p>[\/et_pb_text][\/et_pb_column][\/et_pb_row][et_pb_row column_structure=\u00a0\u00bb1_3,1_3,1_3&Prime; admin_label=\u00a0\u00bbparagraphe\u00a0\u00bb _builder_version=\u00a0\u00bb4.14.8&Prime; _module_preset=\u00a0\u00bbdefault\u00a0\u00bb max_width=\u00a0\u00bb700px\u00a0\u00bb custom_padding=\u00a0\u00bb||||false|false\u00a0\u00bb collapsed=\u00a0\u00bbon\u00a0\u00bb global_colors_info=\u00a0\u00bb{}\u00a0\u00bb][et_pb_column type=\u00a0\u00bb1_3&Prime; _builder_version=\u00a0\u00bb4.14.8&Prime; _module_preset=\u00a0\u00bbdefault\u00a0\u00bb global_colors_info=\u00a0\u00bb{}\u00a0\u00bb][et_pb_text content_tablet=\u00a0\u00bb<\/p>\n<p style=%22text-align: center;%22>58 rue Jean de Beaumanoir<br \/>56580 BREHAN<br \/>T\u00e9l : 02.97.38.80.06<\/p>\n<p>\u00a0\u00bb content_phone=\u00a0\u00bb<\/p>\n<p style=%22text-align: center;%22>58 rue Jean de Beaumanoir<br \/>56580 BREHAN<br \/>T\u00e9l : 02.97.38.80.06<\/p>\n<p>\u00a0\u00bb content_last_edited=\u00a0\u00bboff|desktop\u00a0\u00bb admin_label=\u00a0\u00bbtexte\u00a0\u00bb _builder_version=\u00a0\u00bb4.14.8&Prime; _module_preset=\u00a0\u00bbdefault\u00a0\u00bb text_font=\u00a0\u00bbQuicksand||||||||\u00a0\u00bb text_font_size=\u00a0\u00bb15px\u00a0\u00bb custom_margin=\u00a0\u00bb||||false|false\u00a0\u00bb custom_padding=\u00a0\u00bb||||false|false\u00a0\u00bb global_colors_info=\u00a0\u00bb{}\u00a0\u00bb]<\/p>\n<p style=\"text-align: center;\"><a href=\"https:\/\/fondationclaudepompidou.org\/pdf\/Testament-de-legs-a-titre-particulier.pdf\" target=\"_blank\" rel=\"noopener\"><img loading=\"lazy\" decoding=\"async\" class=\"wp-image-2918 size-full aligncenter\" src=\"https:\/\/fondationclaudepompidou.org\/site\/wp-content\/uploads\/2022\/03\/pdf.png\" alt=\"\" width=\"48\" height=\"48\" \/>Testament de legs<br \/>\u00e0 titre particulier<\/a><\/p>\n<p>[\/et_pb_text][\/et_pb_column][et_pb_column type=\u00a0\u00bb1_3&Prime; _builder_version=\u00a0\u00bb4.14.8&Prime; _module_preset=\u00a0\u00bbdefault\u00a0\u00bb global_colors_info=\u00a0\u00bb{}\u00a0\u00bb][et_pb_text content_tablet=\u00a0\u00bb<\/p>\n<p style=%22text-align: center;%22>58 rue Jean de Beaumanoir<br \/>56580 BREHAN<br \/>T\u00e9l : 02.97.38.80.06<\/p>\n<p>\u00a0\u00bb content_phone=\u00a0\u00bb<\/p>\n<p style=%22text-align: center;%22>58 rue Jean de Beaumanoir<br \/>56580 BREHAN<br \/>T\u00e9l : 02.97.38.80.06<\/p>\n<p>\u00a0\u00bb content_last_edited=\u00a0\u00bboff|desktop\u00a0\u00bb admin_label=\u00a0\u00bbtexte\u00a0\u00bb _builder_version=\u00a0\u00bb4.14.8&Prime; _module_preset=\u00a0\u00bbdefault\u00a0\u00bb text_font=\u00a0\u00bbQuicksand||||||||\u00a0\u00bb text_font_size=\u00a0\u00bb15px\u00a0\u00bb custom_margin=\u00a0\u00bb||||false|false\u00a0\u00bb custom_padding=\u00a0\u00bb||||false|false\u00a0\u00bb global_colors_info=\u00a0\u00bb{}\u00a0\u00bb]<\/p>\n<p style=\"text-align: center;\"><a href=\"https:\/\/fondationclaudepompidou.org\/pdf\/Testament-de-legs-a-titre-universel.pdf\" target=\"_blank\" rel=\"noopener\"><img loading=\"lazy\" decoding=\"async\" class=\"wp-image-2918 size-full aligncenter\" src=\"https:\/\/fondationclaudepompidou.org\/site\/wp-content\/uploads\/2022\/03\/pdf.png\" alt=\"\" width=\"48\" height=\"48\" \/>Testament de legs<br \/>\u00e0 titre universel<\/a><\/p>\n<p>[\/et_pb_text][\/et_pb_column][et_pb_column type=\u00a0\u00bb1_3&Prime; _builder_version=\u00a0\u00bb4.14.8&Prime; _module_preset=\u00a0\u00bbdefault\u00a0\u00bb global_colors_info=\u00a0\u00bb{}\u00a0\u00bb][et_pb_text content_tablet=\u00a0\u00bb<\/p>\n<p style=%22text-align: center;%22>58 rue Jean de Beaumanoir<br \/>56580 BREHAN<br \/>T\u00e9l : 02.97.38.80.06<\/p>\n<p>\u00a0\u00bb content_phone=\u00a0\u00bb<\/p>\n<p style=%22text-align: center;%22>58 rue Jean de Beaumanoir<br \/>56580 BREHAN<br \/>T\u00e9l : 02.97.38.80.06<\/p>\n<p>\u00a0\u00bb content_last_edited=\u00a0\u00bboff|desktop\u00a0\u00bb admin_label=\u00a0\u00bbtexte\u00a0\u00bb _builder_version=\u00a0\u00bb4.14.8&Prime; _module_preset=\u00a0\u00bbdefault\u00a0\u00bb text_font=\u00a0\u00bbQuicksand||||||||\u00a0\u00bb text_font_size=\u00a0\u00bb15px\u00a0\u00bb custom_margin=\u00a0\u00bb||||false|false\u00a0\u00bb custom_padding=\u00a0\u00bb||||false|false\u00a0\u00bb global_colors_info=\u00a0\u00bb{}\u00a0\u00bb]<\/p>\n<p style=\"text-align: center;\"><a href=\"https:\/\/fondationclaudepompidou.org\/pdf\/Testament-de-legs-universel.pdf\" target=\"_blank\" rel=\"noopener\"><img loading=\"lazy\" decoding=\"async\" class=\"wp-image-2918 size-full aligncenter\" src=\"https:\/\/fondationclaudepompidou.org\/site\/wp-content\/uploads\/2022\/03\/pdf.png\" alt=\"\" width=\"48\" height=\"48\" \/>Testament de legs<br \/>universel<\/a><\/p>\n<p>[\/et_pb_text][\/et_pb_column][\/et_pb_row][et_pb_row disabled_on=\u00a0\u00bbon|on|on\u00a0\u00bb admin_label=\u00a0\u00bbbouton contact\u00a0\u00bb _builder_version=\u00a0\u00bb4.14.8&Prime; _module_preset=\u00a0\u00bbdefault\u00a0\u00bb max_width=\u00a0\u00bb200px\u00a0\u00bb disabled=\u00a0\u00bbon\u00a0\u00bb collapsed=\u00a0\u00bboff\u00a0\u00bb global_colors_info=\u00a0\u00bb{}\u00a0\u00bb][et_pb_column type=\u00a0\u00bb4_4&Prime; _builder_version=\u00a0\u00bb4.14.8&Prime; _module_preset=\u00a0\u00bbdefault\u00a0\u00bb global_colors_info=\u00a0\u00bb{}\u00a0\u00bb][et_pb_image src=\u00a0\u00bbhttps:\/\/fondationclaudepompidou.org\/site\/wp-content\/uploads\/2022\/03\/b-contact.png\u00a0\u00bb url=\u00a0\u00bb@ET-DC@eyJkeW5hbWljIjp0cnVlLCJjb250ZW50IjoicG9zdF9saW5rX3VybF9wYWdlIiwic2V0dGluZ3MiOnsicG9zdF9pZCI6IjI5MjUifX0=@\u00a0\u00bb align=\u00a0\u00bbcenter\u00a0\u00bb _builder_version=\u00a0\u00bb4.14.8&Prime; _dynamic_attributes=\u00a0\u00bburl\u00a0\u00bb _module_preset=\u00a0\u00bbdefault\u00a0\u00bb border_color_all=\u00a0\u00bb#ffffff\u00a0\u00bb box_shadow_style=\u00a0\u00bbpreset2&Prime; global_colors_info=\u00a0\u00bb{}\u00a0\u00bb filter_brightness__hover_enabled=\u00a0\u00bboff|desktop\u00a0\u00bb filter_brightness__hover=\u00a0\u00bb140%\u00a0\u00bb src__hover_enabled=\u00a0\u00bboff|desktop\u00a0\u00bb src__hover=\u00a0\u00bbhttps:\/\/fondationclaudepompidou.org\/site\/wp-content\/uploads\/2022\/03\/b-faireundon.jpg\u00a0\u00bb filter_opacity__hover_enabled=\u00a0\u00bboff|desktop\u00a0\u00bb filter_opacity__hover=\u00a0\u00bb90%\u00a0\u00bb border_width_all__hover_enabled=\u00a0\u00bbon|hover\u00a0\u00bb border_width_all__hover=\u00a0\u00bb1px\u00a0\u00bb box_shadow_horizontal__hover_enabled=\u00a0\u00bboff|hover\u00a0\u00bb box_shadow_vertical__hover_enabled=\u00a0\u00bboff|hover\u00a0\u00bb box_shadow_blur__hover_enabled=\u00a0\u00bboff|hover\u00a0\u00bb box_shadow_color__hover_enabled=\u00a0\u00bbon|hover\u00a0\u00bb box_shadow_color__hover=\u00a0\u00bbrgba(255,255,255,0.3)\u00a0\u00bb border_color_all__hover_enabled=\u00a0\u00bboff|desktop\u00a0\u00bb][\/et_pb_image][\/et_pb_column][\/et_pb_row][et_pb_row admin_label=\u00a0\u00bbformulaire\u00a0\u00bb _builder_version=\u00a0\u00bb4.14.8&Prime; _module_preset=\u00a0\u00bbdefault\u00a0\u00bb background_color=\u00a0\u00bb#FFFFFF\u00a0\u00bb max_width=\u00a0\u00bb600px\u00a0\u00bb module_alignment=\u00a0\u00bbcenter\u00a0\u00bb custom_margin=\u00a0\u00bb30px||||false|false\u00a0\u00bb custom_padding=\u00a0\u00bb20px|30px|20px|30px|true|true\u00a0\u00bb collapsed=\u00a0\u00bboff\u00a0\u00bb global_colors_info=\u00a0\u00bb{}\u00a0\u00bb][et_pb_column type=\u00a0\u00bb4_4&Prime; _builder_version=\u00a0\u00bb4.14.8&Prime; _module_preset=\u00a0\u00bbdefault\u00a0\u00bb global_colors_info=\u00a0\u00bb{}\u00a0\u00bb][et_pb_button button_url=\u00a0\u00bb#\u00a0\u00bb url_new_window=\u00a0\u00bbon\u00a0\u00bb button_text=\u00a0\u00bbPour toute demande d&rsquo;information, contactez-nous en cliquant ICI\u00a0\u00bb button_alignment=\u00a0\u00bbcenter\u00a0\u00bb button_alignment_tablet=\u00a0\u00bbcenter\u00a0\u00bb button_alignment_phone=\u00a0\u00bbcenter\u00a0\u00bb button_alignment_last_edited=\u00a0\u00bboff|desktop\u00a0\u00bb module_class=\u00a0\u00bbeta_button_01&Prime; _builder_version=\u00a0\u00bb4.14.8&Prime; _module_preset=\u00a0\u00bbdefault\u00a0\u00bb custom_button=\u00a0\u00bbon\u00a0\u00bb button_text_size=\u00a0\u00bb14px\u00a0\u00bb button_text_color=\u00a0\u00bb#005da9&Prime; button_bg_color=\u00a0\u00bb#dcdcdc\u00a0\u00bb button_border_width=\u00a0\u00bb5px\u00a0\u00bb button_border_color=\u00a0\u00bb#dcdcdc\u00a0\u00bb button_border_radius=\u00a0\u00bb0px\u00a0\u00bb button_font=\u00a0\u00bbQuicksand|700|||||||\u00a0\u00bb button_icon=\u00a0\u00bb&#x3d;||divi||400&Prime; button_icon_placement=\u00a0\u00bbleft\u00a0\u00bb button_on_hover=\u00a0\u00bboff\u00a0\u00bb custom_margin=\u00a0\u00bb||10px||false|false\u00a0\u00bb custom_padding=\u00a0\u00bb||||false|false\u00a0\u00bb global_colors_info=\u00a0\u00bb{}\u00a0\u00bb button_text_color__hover_enabled=\u00a0\u00bbon|desktop\u00a0\u00bb button_text_color__hover=\u00a0\u00bb#FFFFFF\u00a0\u00bb button_bg_color__hover_enabled=\u00a0\u00bbon|hover\u00a0\u00bb button_bg_color__hover=\u00a0\u00bb#005da9&Prime; button_bg_enable_color__hover=\u00a0\u00bbon\u00a0\u00bb button_border_color__hover_enabled=\u00a0\u00bbon|desktop\u00a0\u00bb button_border_color__hover=\u00a0\u00bb#005da9&Prime;][\/et_pb_button][et_pb_code admin_label=\u00a0\u00bbformulaire\u00a0\u00bb module_id=\u00a0\u00bbaidant\u00a0\u00bb _builder_version=\u00a0\u00bb4.14.8&Prime; _module_preset=\u00a0\u00bbdefault\u00a0\u00bb custom_margin=\u00a0\u00bb40px||||false|false\u00a0\u00bb global_colors_info=\u00a0\u00bb{}\u00a0\u00bb]<div class=\"forminator-ui forminator-custom-form forminator-custom-form-3375 forminator-design--flat  forminator_ajax\" data-forminator-render=\"0\" data-form=\"forminator-module-3375\" data-uid=\"69f204b20fc64\"><br\/><\/div><form\n\t\t\t\tid=\"forminator-module-3375\"\n\t\t\t\tclass=\"forminator-ui forminator-custom-form forminator-custom-form-3375 forminator-design--flat  forminator_ajax\"\n\t\t\t\tmethod=\"post\"\n\t\t\t\tdata-forminator-render=\"0\"\n\t\t\t\tdata-form-id=\"3375\"\n\t\t\t\t data-color-option=\"default\" data-design=\"flat\" data-grid=\"open\" style=\"display: none;\"\n\t\t\t\tdata-uid=\"69f204b20fc64\"\n\t\t\t><div role=\"alert\" aria-live=\"polite\" class=\"forminator-response-message forminator-error\" aria-hidden=\"true\"><\/div><div class=\"forminator-row\"><div id=\"name-1\" class=\"forminator-field-name forminator-col forminator-col-6 \"><div class=\"forminator-field\"><label for=\"forminator-field-name-1_69f204b20fc64\" id=\"forminator-field-name-1_69f204b20fc64-label\" class=\"forminator-label\">Nom <span class=\"forminator-required\">*<\/span><\/label><input type=\"text\" name=\"name-1\" value=\"\" placeholder=\"\" id=\"forminator-field-name-1_69f204b20fc64\" class=\"forminator-input forminator-name--field\" aria-required=\"true\" autocomplete=\"name\" \/><\/div><\/div><div id=\"name-2\" class=\"forminator-field-name forminator-col forminator-col-6 \"><div class=\"forminator-field\"><label for=\"forminator-field-name-2_69f204b20fc64\" id=\"forminator-field-name-2_69f204b20fc64-label\" class=\"forminator-label\">Pr\u00e9nom<\/label><input type=\"text\" name=\"name-2\" value=\"\" placeholder=\"\" id=\"forminator-field-name-2_69f204b20fc64\" class=\"forminator-input forminator-name--field\" aria-required=\"false\" autocomplete=\"name\" \/><\/div><\/div><\/div><div class=\"forminator-row\"><div id=\"email-1\" class=\"forminator-field-email forminator-col forminator-col-12 \"><div class=\"forminator-field\"><label for=\"forminator-field-email-1_69f204b20fc64\" id=\"forminator-field-email-1_69f204b20fc64-label\" class=\"forminator-label\">Email <span class=\"forminator-required\">*<\/span><\/label><input type=\"email\" name=\"email-1\" value=\"\" placeholder=\"\" id=\"forminator-field-email-1_69f204b20fc64\" class=\"forminator-input forminator-email--field\" data-required=\"true\" aria-required=\"true\" autocomplete=\"email\" \/><\/div><\/div><\/div><div class=\"forminator-row\"><div id=\"phone-1\" class=\"forminator-field-phone forminator-col forminator-col-6 \"><div class=\"forminator-field\"><label for=\"forminator-field-phone-1_69f204b20fc64\" id=\"forminator-field-phone-1_69f204b20fc64-label\" class=\"forminator-label\">T\u00e9l\u00e9phone<\/label><input type=\"text\" name=\"phone-1\" value=\"\" placeholder=\"\" id=\"forminator-field-phone-1_69f204b20fc64\" class=\"forminator-input forminator-field--phone\" data-required=\"\" aria-required=\"false\" autocomplete=\"off\" \/><\/div><\/div><div id=\"name-3\" class=\"forminator-field-name forminator-col forminator-col-6 \"><div class=\"forminator-field\"><label for=\"forminator-field-name-3_69f204b20fc64\" id=\"forminator-field-name-3_69f204b20fc64-label\" class=\"forminator-label\">Ville<\/label><input type=\"text\" name=\"name-3\" value=\"\" placeholder=\"\" id=\"forminator-field-name-3_69f204b20fc64\" class=\"forminator-input forminator-name--field\" aria-required=\"false\" autocomplete=\"name\" \/><\/div><\/div><\/div><div class=\"forminator-row\"><div id=\"textarea-1\" class=\"forminator-field-textarea forminator-col forminator-col-12 \"><div class=\"forminator-field\"><label for=\"forminator-field-textarea-1_69f204b20fc64\" id=\"forminator-field-textarea-1_69f204b20fc64-label\" class=\"forminator-label\">Message <span class=\"forminator-required\">*<\/span><\/label><textarea name=\"textarea-1\" placeholder=\"\" id=\"forminator-field-textarea-1_69f204b20fc64\" class=\"forminator-textarea\" rows=\"6\" style=\"--forminator-textarea-min-height:140px;\" maxlength=\"350\" ><\/textarea><span id=\"forminator-field-textarea-1_69f204b20fc64-description\" class=\"forminator-description\"><span data-limit=\"350\" data-type=\"characters\" data-editor=\"\">0 \/ 350<\/span><\/span><\/div><\/div><\/div><div class=\"forminator-row\"><div id=\"captcha-1\" class=\"forminator-field-captcha forminator-col forminator-col-12 \"><div class=\"forminator-captcha-left forminator-g-recaptcha\" data-theme=\"light\"  data-sitekey=\"6Lc9Uf4hAAAAAAR_z3cG1ii_9OSogCRCZsvdatM9\" data-size=\"normal\"><\/div> <\/div><\/div><input type=\"hidden\" name=\"referer_url\" value=\"\" \/><div class=\"forminator-row forminator-row-last\"><div class=\"forminator-col\"><div class=\"forminator-field\"><button class=\"forminator-button forminator-button-submit\">ENVOYER<\/button><\/div><\/div><\/div><input type=\"hidden\" id=\"forminator_nonce\" name=\"forminator_nonce\" value=\"726abde3cb\" \/><input type=\"hidden\" name=\"_wp_http_referer\" value=\"\/site\/wp-json\/wp\/v2\/pages\/2404\" \/><input type=\"hidden\" name=\"form_id\" value=\"3375\"><input type=\"hidden\" name=\"page_id\" value=\"2404\"><input type=\"hidden\" name=\"form_type\" value=\"default\"><input type=\"hidden\" name=\"current_url\" value=\"https:\/\/fondationclaudepompidou.org\/site\/faire-un-legs\/\"><input type=\"hidden\" name=\"render_id\" value=\"0\"><input type=\"hidden\" name=\"action\" value=\"forminator_submit_form_custom-forms\"><\/form>[\/et_pb_code][et_pb_code _builder_version=\u00a0\u00bb4.14.8&Prime; _module_preset=\u00a0\u00bbdefault\u00a0\u00bb global_colors_info=\u00a0\u00bb{}\u00a0\u00bb]<\/p>\n<style type=\"text\/css\"><!-- [et_pb_line_break_holder] -->.eta_button.closed:after {content:\"\\33\";}<!-- [et_pb_line_break_holder] -->.eta_button.opened:after{content:\"\\32\";}<!-- [et_pb_line_break_holder] --><\/style>\n<p><!-- [et_pb_line_break_holder] --><script type=\"text\/javascript\"><!-- [et_pb_line_break_holder] --> jQuery(document).ready(function() {<!-- [et_pb_line_break_holder] -->\/\/ Hide the div<!-- [et_pb_line_break_holder] -->jQuery('#aidant').hide();<!-- [et_pb_line_break_holder] -->jQuery('.eta_button_01').click(function(e){<!-- [et_pb_line_break_holder] -->e.preventDefault();jQuery(\"#aidant\").slideToggle();<!-- [et_pb_line_break_holder] -->jQuery('.eta_button_01').toggleClass('opened closed');<!-- [et_pb_line_break_holder] -->});<!-- [et_pb_line_break_holder] -->});<!-- [et_pb_line_break_holder] --><\/script>[\/et_pb_code][\/et_pb_column][\/et_pb_row][\/et_pb_section]<\/p>\n","protected":false},"excerpt":{"rendered":"<p>Faire un legs Transmettre tout ou partie de son patrimoine est un geste fort. C\u2019est la possibilit\u00e9 d\u2019agir g\u00e9n\u00e9reusement apr\u00e8s la vie. Pour la Fondation Claude Pompidou, c\u2019est une marque de confiance qui doit \u00eatre trait\u00e9e avec la plus grande attention. L\u00e9guer \u00e0 la Fondation Claude Pompidou c\u2019est la certitude de continuer \u00e0 faire oeuvre [&hellip;]<\/p>\n","protected":false},"author":1,"featured_media":0,"parent":0,"menu_order":0,"comment_status":"closed","ping_status":"closed","template":"","meta":{"_et_pb_use_builder":"on","_et_pb_old_content":"","_et_gb_content_width":"","footnotes":""},"class_list":["post-2404","page","type-page","status-publish","hentry"],"yoast_head":"<!-- This site is optimized with the Yoast SEO plugin v27.5 - https:\/\/yoast.com\/product\/yoast-seo-wordpress\/ -->\n<title>Faire un legs - Fondation Claude Pompidou<\/title>\n<meta name=\"description\" content=\"Comment faire un legs et \u00e0 qui l&#039;adresser ? Vous avez besoin d&#039;aide, contactez nous, nous vous aiderons dans toutes vos d\u00e9marches.\" \/>\n<meta name=\"robots\" content=\"index, follow, max-snippet:-1, max-image-preview:large, max-video-preview:-1\" \/>\n<link rel=\"canonical\" href=\"https:\/\/fondationclaudepompidou.org\/site\/faire-un-legs\/\" \/>\n<meta property=\"og:locale\" content=\"fr_FR\" \/>\n<meta property=\"og:type\" content=\"article\" \/>\n<meta property=\"og:title\" content=\"Faire un legs - Fondation Claude Pompidou\" \/>\n<meta property=\"og:description\" content=\"Comment faire un legs et \u00e0 qui l&#039;adresser ? Vous avez besoin d&#039;aide, contactez nous, nous vous aiderons dans toutes vos d\u00e9marches.\" \/>\n<meta property=\"og:url\" content=\"https:\/\/fondationclaudepompidou.org\/site\/faire-un-legs\/\" \/>\n<meta property=\"og:site_name\" content=\"Fondation Claude Pompidou\" \/>\n<meta property=\"article:publisher\" content=\"https:\/\/www.facebook.com\/FondationClaudePompidou\" \/>\n<meta property=\"article:modified_time\" content=\"2022-12-29T10:50:15+00:00\" \/>\n<meta property=\"og:image\" content=\"https:\/\/fondationclaudepompidou.org\/site\/wp-content\/uploads\/2022\/03\/pict-signature-300x14.png\" \/>\n<meta name=\"twitter:card\" content=\"summary_large_image\" \/>\n<meta name=\"twitter:site\" content=\"@fclaudepompidou\" \/>\n<meta name=\"twitter:label1\" content=\"Dur\u00e9e de lecture estim\u00e9e\" \/>\n\t<meta name=\"twitter:data1\" content=\"10 minutes\" \/>\n<script type=\"application\/ld+json\" class=\"yoast-schema-graph\">{\"@context\":\"https:\\\/\\\/schema.org\",\"@graph\":[{\"@type\":\"WebPage\",\"@id\":\"https:\\\/\\\/fondationclaudepompidou.org\\\/site\\\/faire-un-legs\\\/\",\"url\":\"https:\\\/\\\/fondationclaudepompidou.org\\\/site\\\/faire-un-legs\\\/\",\"name\":\"Faire un legs - Fondation Claude Pompidou\",\"isPartOf\":{\"@id\":\"https:\\\/\\\/fondationclaudepompidou.org\\\/site\\\/#website\"},\"primaryImageOfPage\":{\"@id\":\"https:\\\/\\\/fondationclaudepompidou.org\\\/site\\\/faire-un-legs\\\/#primaryimage\"},\"image\":{\"@id\":\"https:\\\/\\\/fondationclaudepompidou.org\\\/site\\\/faire-un-legs\\\/#primaryimage\"},\"thumbnailUrl\":\"https:\\\/\\\/fondationclaudepompidou.org\\\/site\\\/wp-content\\\/uploads\\\/2022\\\/03\\\/pict-signature-300x14.png\",\"datePublished\":\"2022-03-23T16:34:25+00:00\",\"dateModified\":\"2022-12-29T10:50:15+00:00\",\"description\":\"Comment faire un legs et \u00e0 qui l'adresser ? Vous avez besoin d'aide, contactez nous, nous vous aiderons dans toutes vos d\u00e9marches.\",\"breadcrumb\":{\"@id\":\"https:\\\/\\\/fondationclaudepompidou.org\\\/site\\\/faire-un-legs\\\/#breadcrumb\"},\"inLanguage\":\"fr-FR\",\"potentialAction\":[{\"@type\":\"ReadAction\",\"target\":[\"https:\\\/\\\/fondationclaudepompidou.org\\\/site\\\/faire-un-legs\\\/\"]}]},{\"@type\":\"ImageObject\",\"inLanguage\":\"fr-FR\",\"@id\":\"https:\\\/\\\/fondationclaudepompidou.org\\\/site\\\/faire-un-legs\\\/#primaryimage\",\"url\":\"https:\\\/\\\/fondationclaudepompidou.org\\\/site\\\/wp-content\\\/uploads\\\/2022\\\/03\\\/pict-signature.png\",\"contentUrl\":\"https:\\\/\\\/fondationclaudepompidou.org\\\/site\\\/wp-content\\\/uploads\\\/2022\\\/03\\\/pict-signature.png\",\"width\":306,\"height\":14},{\"@type\":\"BreadcrumbList\",\"@id\":\"https:\\\/\\\/fondationclaudepompidou.org\\\/site\\\/faire-un-legs\\\/#breadcrumb\",\"itemListElement\":[{\"@type\":\"ListItem\",\"position\":1,\"name\":\"Accueil\",\"item\":\"https:\\\/\\\/fondationclaudepompidou.org\\\/site\\\/\"},{\"@type\":\"ListItem\",\"position\":2,\"name\":\"Faire un legs\"}]},{\"@type\":\"WebSite\",\"@id\":\"https:\\\/\\\/fondationclaudepompidou.org\\\/site\\\/#website\",\"url\":\"https:\\\/\\\/fondationclaudepompidou.org\\\/site\\\/\",\"name\":\"Fondation Claude Pompidou\",\"description\":\"\",\"publisher\":{\"@id\":\"https:\\\/\\\/fondationclaudepompidou.org\\\/site\\\/#organization\"},\"potentialAction\":[{\"@type\":\"SearchAction\",\"target\":{\"@type\":\"EntryPoint\",\"urlTemplate\":\"https:\\\/\\\/fondationclaudepompidou.org\\\/site\\\/?s={search_term_string}\"},\"query-input\":{\"@type\":\"PropertyValueSpecification\",\"valueRequired\":true,\"valueName\":\"search_term_string\"}}],\"inLanguage\":\"fr-FR\"},{\"@type\":\"Organization\",\"@id\":\"https:\\\/\\\/fondationclaudepompidou.org\\\/site\\\/#organization\",\"name\":\"Fondation Claude Pompidou\",\"url\":\"https:\\\/\\\/fondationclaudepompidou.org\\\/site\\\/\",\"logo\":{\"@type\":\"ImageObject\",\"inLanguage\":\"fr-FR\",\"@id\":\"https:\\\/\\\/fondationclaudepompidou.org\\\/site\\\/#\\\/schema\\\/logo\\\/image\\\/\",\"url\":\"https:\\\/\\\/fondationclaudepompidou.org\\\/site\\\/wp-content\\\/uploads\\\/2022\\\/06\\\/logo-fondation250.png\",\"contentUrl\":\"https:\\\/\\\/fondationclaudepompidou.org\\\/site\\\/wp-content\\\/uploads\\\/2022\\\/06\\\/logo-fondation250.png\",\"width\":250,\"height\":65,\"caption\":\"Fondation Claude Pompidou\"},\"image\":{\"@id\":\"https:\\\/\\\/fondationclaudepompidou.org\\\/site\\\/#\\\/schema\\\/logo\\\/image\\\/\"},\"sameAs\":[\"https:\\\/\\\/www.facebook.com\\\/FondationClaudePompidou\",\"https:\\\/\\\/x.com\\\/fclaudepompidou\",\"https:\\\/\\\/www.instagram.com\\\/fondationclaudepompidou\\\/?hl=fr\",\"https:\\\/\\\/www.linkedin.com\\\/company\\\/fondation-claude-pompidou\\\/\"]}]}<\/script>\n<!-- \/ Yoast SEO plugin. -->","yoast_head_json":{"title":"Faire un legs - Fondation Claude Pompidou","description":"Comment faire un legs et \u00e0 qui l'adresser ? Vous avez besoin d'aide, contactez nous, nous vous aiderons dans toutes vos d\u00e9marches.","robots":{"index":"index","follow":"follow","max-snippet":"max-snippet:-1","max-image-preview":"max-image-preview:large","max-video-preview":"max-video-preview:-1"},"canonical":"https:\/\/fondationclaudepompidou.org\/site\/faire-un-legs\/","og_locale":"fr_FR","og_type":"article","og_title":"Faire un legs - Fondation Claude Pompidou","og_description":"Comment faire un legs et \u00e0 qui l'adresser ? Vous avez besoin d'aide, contactez nous, nous vous aiderons dans toutes vos d\u00e9marches.","og_url":"https:\/\/fondationclaudepompidou.org\/site\/faire-un-legs\/","og_site_name":"Fondation Claude Pompidou","article_publisher":"https:\/\/www.facebook.com\/FondationClaudePompidou","article_modified_time":"2022-12-29T10:50:15+00:00","og_image":[{"url":"https:\/\/fondationclaudepompidou.org\/site\/wp-content\/uploads\/2022\/03\/pict-signature-300x14.png","type":"","width":"","height":""}],"twitter_card":"summary_large_image","twitter_site":"@fclaudepompidou","twitter_misc":{"Dur\u00e9e de lecture estim\u00e9e":"10 minutes"},"schema":{"@context":"https:\/\/schema.org","@graph":[{"@type":"WebPage","@id":"https:\/\/fondationclaudepompidou.org\/site\/faire-un-legs\/","url":"https:\/\/fondationclaudepompidou.org\/site\/faire-un-legs\/","name":"Faire un legs - Fondation Claude Pompidou","isPartOf":{"@id":"https:\/\/fondationclaudepompidou.org\/site\/#website"},"primaryImageOfPage":{"@id":"https:\/\/fondationclaudepompidou.org\/site\/faire-un-legs\/#primaryimage"},"image":{"@id":"https:\/\/fondationclaudepompidou.org\/site\/faire-un-legs\/#primaryimage"},"thumbnailUrl":"https:\/\/fondationclaudepompidou.org\/site\/wp-content\/uploads\/2022\/03\/pict-signature-300x14.png","datePublished":"2022-03-23T16:34:25+00:00","dateModified":"2022-12-29T10:50:15+00:00","description":"Comment faire un legs et \u00e0 qui l'adresser ? Vous avez besoin d'aide, contactez nous, nous vous aiderons dans toutes vos d\u00e9marches.","breadcrumb":{"@id":"https:\/\/fondationclaudepompidou.org\/site\/faire-un-legs\/#breadcrumb"},"inLanguage":"fr-FR","potentialAction":[{"@type":"ReadAction","target":["https:\/\/fondationclaudepompidou.org\/site\/faire-un-legs\/"]}]},{"@type":"ImageObject","inLanguage":"fr-FR","@id":"https:\/\/fondationclaudepompidou.org\/site\/faire-un-legs\/#primaryimage","url":"https:\/\/fondationclaudepompidou.org\/site\/wp-content\/uploads\/2022\/03\/pict-signature.png","contentUrl":"https:\/\/fondationclaudepompidou.org\/site\/wp-content\/uploads\/2022\/03\/pict-signature.png","width":306,"height":14},{"@type":"BreadcrumbList","@id":"https:\/\/fondationclaudepompidou.org\/site\/faire-un-legs\/#breadcrumb","itemListElement":[{"@type":"ListItem","position":1,"name":"Accueil","item":"https:\/\/fondationclaudepompidou.org\/site\/"},{"@type":"ListItem","position":2,"name":"Faire un legs"}]},{"@type":"WebSite","@id":"https:\/\/fondationclaudepompidou.org\/site\/#website","url":"https:\/\/fondationclaudepompidou.org\/site\/","name":"Fondation Claude Pompidou","description":"","publisher":{"@id":"https:\/\/fondationclaudepompidou.org\/site\/#organization"},"potentialAction":[{"@type":"SearchAction","target":{"@type":"EntryPoint","urlTemplate":"https:\/\/fondationclaudepompidou.org\/site\/?s={search_term_string}"},"query-input":{"@type":"PropertyValueSpecification","valueRequired":true,"valueName":"search_term_string"}}],"inLanguage":"fr-FR"},{"@type":"Organization","@id":"https:\/\/fondationclaudepompidou.org\/site\/#organization","name":"Fondation Claude Pompidou","url":"https:\/\/fondationclaudepompidou.org\/site\/","logo":{"@type":"ImageObject","inLanguage":"fr-FR","@id":"https:\/\/fondationclaudepompidou.org\/site\/#\/schema\/logo\/image\/","url":"https:\/\/fondationclaudepompidou.org\/site\/wp-content\/uploads\/2022\/06\/logo-fondation250.png","contentUrl":"https:\/\/fondationclaudepompidou.org\/site\/wp-content\/uploads\/2022\/06\/logo-fondation250.png","width":250,"height":65,"caption":"Fondation Claude Pompidou"},"image":{"@id":"https:\/\/fondationclaudepompidou.org\/site\/#\/schema\/logo\/image\/"},"sameAs":["https:\/\/www.facebook.com\/FondationClaudePompidou","https:\/\/x.com\/fclaudepompidou","https:\/\/www.instagram.com\/fondationclaudepompidou\/?hl=fr","https:\/\/www.linkedin.com\/company\/fondation-claude-pompidou\/"]}]}},"_links":{"self":[{"href":"https:\/\/fondationclaudepompidou.org\/site\/wp-json\/wp\/v2\/pages\/2404","targetHints":{"allow":["GET"]}}],"collection":[{"href":"https:\/\/fondationclaudepompidou.org\/site\/wp-json\/wp\/v2\/pages"}],"about":[{"href":"https:\/\/fondationclaudepompidou.org\/site\/wp-json\/wp\/v2\/types\/page"}],"author":[{"embeddable":true,"href":"https:\/\/fondationclaudepompidou.org\/site\/wp-json\/wp\/v2\/users\/1"}],"replies":[{"embeddable":true,"href":"https:\/\/fondationclaudepompidou.org\/site\/wp-json\/wp\/v2\/comments?post=2404"}],"version-history":[{"count":80,"href":"https:\/\/fondationclaudepompidou.org\/site\/wp-json\/wp\/v2\/pages\/2404\/revisions"}],"predecessor-version":[{"id":4171,"href":"https:\/\/fondationclaudepompidou.org\/site\/wp-json\/wp\/v2\/pages\/2404\/revisions\/4171"}],"wp:attachment":[{"href":"https:\/\/fondationclaudepompidou.org\/site\/wp-json\/wp\/v2\/media?parent=2404"}],"curies":[{"name":"wp","href":"https:\/\/api.w.org\/{rel}","templated":true}]}}